{"id":671,"date":"2019-04-19T18:13:02","date_gmt":"2019-04-19T16:13:02","guid":{"rendered":"https:\/\/inteliza.com\/?page_id=671"},"modified":"2019-04-21T14:49:27","modified_gmt":"2019-04-21T12:49:27","slug":"ceg","status":"publish","type":"page","link":"https:\/\/inteliza.com\/hu\/ceg\/","title":{"rendered":"A c\u00e9gr\u0151l"},"content":{"rendered":"<h2 style=\"text-align: center;\">\u00dczleti \u00e9s marketing c\u00e9l\u00fa<br \/>digit\u00e1lis term\u00e9kek tervez\u00e9se,<br \/>fejleszt\u00e9se \u00e9s \u00fczemeltet\u00e9se.<\/h2>\n<p>\u00a0<\/p>\n<p>Az <strong>Inteliza Hungary Kft.<\/strong> t\u00f6bb 15 \u00e9ve digit\u00e1lis term\u00e9kek fejleszt\u00e9s\u00e9vel foglalkozik. Ebbe beletartozik rek\u00e1lmszoftverek, online port\u00e1lok, applik\u00e1ci\u00f3k \u00f6tletb\u0151l m\u0171k\u00f6d\u0151 term\u00e9kk\u00e9 val\u00f3 fejleszt\u00e9se, tervez\u00e9s, folyamatszervez\u00e9s, term\u00e9kfejleszt\u00e9s, tan\u00e1csad\u00e1s. Az <strong>Atomenergiai Vil\u00e1gsz\u00f6vets\u00e9g<\/strong> (IAEA, WANO) megb\u00edz\u00e1s\u00e1b\u00f3l 2005-ben tartott atomenergiai vil\u00e1gkonferencia teljes k\u00f6r\u0171 szervez\u00e9s\u00e9ben vezet\u0151 feladatot l\u00e1ttunk el. A szervez\u00e9st 2 \u00e9ves k\u00f6z\u00f6s munka el\u0151zte meg, melynek sor\u00e1n minden szoftvert \u00e9s sz\u00fcks\u00e9ges inform\u00e1ci\u00f3s anyagot mi fejlesztett\u00fcnk. Az ebben a munk\u00e1ban r\u00e9sztvev\u0151, a marketingkommunik\u00e1ci\u00f3, a BTL kommunik\u00e1ci\u00f3 \u00e9s a PR ter\u00fclet\u00e9r\u0151l \u00e9rkezett h\u00e1rom tulajdonos egy\u00fcttm\u0171k\u00f6d\u00e9se \u00e9s az ek\u00f6zben \u00e9p\u00fclt k\u00f6lcs\u00f6n\u00f6s bizalom eredm\u00e9nyezte a k\u00f6z\u00f6s c\u00e9g l\u00e9trehoz\u00e1s\u00e1t 2005 janu\u00e1rj\u00e1ban, amely az alap\u00edt\u00e1s \u00f3ta v\u00e1ltozatlan ad\u00f3sz\u00e1mmal, de 2017 \u00f3ta \u00faj n\u00e9ven, Inteliza Hungary Kft-k\u00e9nt m\u0171k\u00f6dik.<\/p>\n","protected":false},"excerpt":{"rendered":"<p>\u00dczleti \u00e9s marketing c\u00e9l\u00fadigit\u00e1lis term\u00e9kek tervez\u00e9se,fejleszt\u00e9se \u00e9s \u00fczemeltet\u00e9se. \u00a0 Az Inteliza Hungary Kft. t\u00f6bb 15 \u00e9ve digit\u00e1lis term\u00e9kek fejleszt\u00e9s\u00e9vel foglalkozik. Ebbe beletartozik rek\u00e1lmszoftverek, online port\u00e1lok, applik\u00e1ci\u00f3k \u00f6tletb\u0151l m\u0171k\u00f6d\u0151 term\u00e9kk\u00e9 val\u00f3 fejleszt\u00e9se, tervez\u00e9s, folyamatszervez\u00e9s, term\u00e9kfejleszt\u00e9s, tan\u00e1csad\u00e1s. Az Atomenergiai Vil\u00e1gsz\u00f6vets\u00e9g (IAEA, WANO) megb\u00edz\u00e1s\u00e1b\u00f3l 2005-ben tartott atomenergiai vil\u00e1gkonferencia teljes k\u00f6r\u0171 szervez\u00e9s\u00e9ben vezet\u0151 feladatot l\u00e1ttunk el. A szervez\u00e9st 2 [&hellip;]<\/p>\n","protected":false},"author":1,"featured_media":0,"parent":0,"menu_order":5,"comment_status":"closed","ping_status":"closed","template":"page-templates\/page-about.php","meta":{"_acf_changed":false,"footnotes":""},"tags":[],"class_list":["post-671","page","type-page","status-publish","hentry"],"acf":[],"_links":{"self":[{"href":"https:\/\/inteliza.com\/hu\/wp-json\/wp\/v2\/pages\/671","targetHints":{"allow":["GET"]}}],"collection":[{"href":"https:\/\/inteliza.com\/hu\/wp-json\/wp\/v2\/pages"}],"about":[{"href":"https:\/\/inteliza.com\/hu\/wp-json\/wp\/v2\/types\/page"}],"author":[{"embeddable":true,"href":"https:\/\/inteliza.com\/hu\/wp-json\/wp\/v2\/users\/1"}],"replies":[{"embeddable":true,"href":"https:\/\/inteliza.com\/hu\/wp-json\/wp\/v2\/comments?post=671"}],"version-history":[{"count":9,"href":"https:\/\/inteliza.com\/hu\/wp-json\/wp\/v2\/pages\/671\/revisions"}],"predecessor-version":[{"id":732,"href":"https:\/\/inteliza.com\/hu\/wp-json\/wp\/v2\/pages\/671\/revisions\/732"}],"wp:attachment":[{"href":"https:\/\/inteliza.com\/hu\/wp-json\/wp\/v2\/media?parent=671"}],"wp:term":[{"taxonomy":"post_tag","embeddable":true,"href":"https:\/\/inteliza.com\/hu\/wp-json\/wp\/v2\/tags?post=671"}],"curies":[{"name":"wp","href":"https:\/\/api.w.org\/{rel}","templated":true}]}}